{"id":67,"date":"2015-07-25T08:15:23","date_gmt":"2015-07-25T07:15:23","guid":{"rendered":"http:\/\/www.club-ateliers-artistes.com\/?page_id=67"},"modified":"2017-07-02T16:27:01","modified_gmt":"2017-07-02T15:27:01","slug":"organisation-des-stands","status":"publish","type":"page","link":"https:\/\/www.club-ateliers-artistes.com\/?page_id=67","title":{"rendered":"Exposer avec le Club des Ateliers d&rsquo;Artistes"},"content":{"rendered":"<p style=\"text-align: justify;\">Le Club des Ateliers d&rsquo;Artistes a \u00e9t\u00e9 cr\u00e9\u00e9 par Philippe Sauvan-Magnet,\u00a0en r\u00e9action \u00e0 la morosit\u00e9 du march\u00e9 de l&rsquo;art pour les artistes ind\u00e9pendants exclus du grand march\u00e9 de l&rsquo;Art Contemporain. Le comit\u00e9 de s\u00e9lection sera garant de la qualit\u00e9 des oeuvres expos\u00e9es, avec le concours de Etienne Caveyrac, responsable du r\u00e9seau Arts Visuels chez Active-Art et de Pierre Souchaud, le fondateur du magazine Artension.<\/p>\n<p style=\"text-align: justify;\">Il faut d\u00e9poussi\u00e9rer les habitudes, bousculer les codes \u00e9tablis, pour un \u00ab\u00a0apr\u00e8s art contemporain\u00a0\u00bb enfin vivant, aimant, libre, heureux et cr\u00e9atif : Imaginer des lieux de ventes et d\u2019exposition nouveaux et originaux ou il fera bon passer un moment de d\u00e9couverte.<\/p>\n<p style=\"text-align: justify;\">Le Club des Ateliers d&rsquo;Artistes se donne comme mission de tester sur le terrain les id\u00e9es et les outils d\u00e9velopp\u00e9s depuis plus de 20\u00a0ans par Active-Art, ce que l&rsquo;on peut r\u00e9sumer comme suit :<\/p>\n<ul>\n<li style=\"text-align: justify;\">N\u00e9gociation de surfaces d&rsquo;exposition avec les salons \u00e9tablis au meilleur tarif<\/li>\n<li style=\"text-align: justify;\">Organisation de stands communs, anim\u00e9s par une \u00e9quipe dynamique<\/li>\n<li style=\"text-align: justify;\">Recherche de nouveaux lieux d&rsquo;exposition bien plac\u00e9s<\/li>\n<li style=\"text-align: justify;\">Mise au point d&rsquo;une nouvelle exp\u00e9rience client avec des offres innovantes<\/li>\n<li style=\"text-align: justify;\">Diffusion d&rsquo;outils p\u00e9dagogiques et ludiques sur l&rsquo;art<\/li>\n<\/ul>\n<p>Le Club des Ateliers d&rsquo;Artistes a cr\u00e9\u00e9\u00a0deux galeries permanentes dans lesquelles vous pouvez venir \u00e0 notre rencontre :<\/p>\n<ul>\n<li>Paris : Concept Store Gallery, 18 rue Dauphine, 75006 PARIS<\/li>\n<li>La Baule :\u00a0Concept Store Gallery,\u00a0140 Avenue de Gaulle, 44500 La BAULE<\/li>\n<\/ul>\n<h3><strong>Une nouvelle architecture\u00a0d&rsquo;exposition :<br \/>\n<span style=\"color: #ffffff;\">\u00a0.\u00a0 <\/span><\/strong><\/h3>\n<table>\n<tbody>\n<tr>\n<td style=\"width: 50%; vertical-align: top;\"><img loading=\"lazy\" decoding=\"async\" class=\"aligncenter size-medium wp-image-230\" src=\"https:\/\/www.club-ateliers-artistes.com\/wp-content\/uploads\/2015\/07\/CLUB-AA-150906-7566-300x203.jpg\" alt=\"Le stand du Club sur Art3F Paris\" width=\"300\" height=\"203\" srcset=\"https:\/\/www.club-ateliers-artistes.com\/wp-content\/uploads\/2015\/07\/CLUB-AA-150906-7566-300x203.jpg 300w, https:\/\/www.club-ateliers-artistes.com\/wp-content\/uploads\/2015\/07\/CLUB-AA-150906-7566.jpg 690w\" sizes=\"auto, (max-width: 300px) 100vw, 300px\" \/><img loading=\"lazy\" decoding=\"async\" class=\"aligncenter size-medium wp-image-224\" src=\"https:\/\/www.club-ateliers-artistes.com\/wp-content\/uploads\/2015\/07\/CLUB-AA-150906-7335-300x203.jpg\" alt=\"Stand du Club des Ateliers d'Artistes\" width=\"300\" height=\"203\" srcset=\"https:\/\/www.club-ateliers-artistes.com\/wp-content\/uploads\/2015\/07\/CLUB-AA-150906-7335-300x203.jpg 300w, https:\/\/www.club-ateliers-artistes.com\/wp-content\/uploads\/2015\/07\/CLUB-AA-150906-7335.jpg 690w\" sizes=\"auto, (max-width: 300px) 100vw, 300px\" \/><\/td>\n<td style=\"width: 50%; vertical-align: top; text-align: justify;\">Tous les stands et galeries anim\u00e9s par le Club, partagent la m\u00eame vision d&rsquo;un espace convivial ou il fait bon d\u00e9couvrir et comprendre l&rsquo;art.<\/p>\n<ul>\n<li>Un espace d&rsquo;exposition autour du concept \u00ab\u00a0d&rsquo;Arbres\u00a0\u00e0 Tableaux\u00a0\u00bb, pour limiter les co\u00fbts en r\u00e9duisant les besoins de surface (l&rsquo;accrochage traditionnel en cimaises reste possible).<\/li>\n<li>Une approche p\u00e9dagogique ludique avec \u00ab\u00a0l&rsquo;Oeuvre qui parle\u00a0\u00bb, v\u00e9ritables audio-guides individuels pour une sensibilisation \u00e0 l&rsquo;histoire de l&rsquo;art.<\/li>\n<\/ul>\n<\/td>\n<\/tr>\n<\/tbody>\n<\/table>\n<p style=\"text-align: justify;\"><strong>D\u00e9couvrez le programme de nos expositions sur les salons : <span style=\"color: #ff0000;\"><a style=\"color: #ff0000;\" href=\"https:\/\/www.club-ateliers-artistes.com\/?page_id=34\">cliquer ici<\/a><\/span><\/strong><\/p>\n<p>&nbsp;<\/p>\n","protected":false},"excerpt":{"rendered":"<p>Le Club des Ateliers d&rsquo;Artistes a \u00e9t\u00e9 cr\u00e9\u00e9 par Philippe Sauvan-Magnet,\u00a0en r\u00e9action \u00e0 la morosit\u00e9 du march\u00e9 de l&rsquo;art pour les artistes ind\u00e9pendants exclus du grand march\u00e9 de l&rsquo;Art Contemporain. Le comit\u00e9 de s\u00e9lection sera garant de la qualit\u00e9 des &hellip; <a href=\"https:\/\/www.club-ateliers-artistes.com\/?page_id=67\">Continuer la lecture <span class=\"meta-nav\">&rarr;<\/span><\/a><\/p>\n","protected":false},"author":5,"featured_media":0,"parent":0,"menu_order":0,"comment_status":"open","ping_status":"open","template":"","meta":{"footnotes":""},"class_list":["post-67","page","type-page","status-publish","hentry"],"yoast_head":"<!-- This site is optimized with the Yoast SEO plugin v27.5 - https:\/\/yoast.com\/product\/yoast-seo-wordpress\/ -->\n<title>Exposer avec le Club des Ateliers d&#039;Artistes - Le Club des Ateliers d&#039;artistes<\/title>\n<meta name=\"robots\" content=\"index, follow, max-snippet:-1, max-image-preview:large, max-video-preview:-1\" \/>\n<link rel=\"canonical\" href=\"https:\/\/www.club-ateliers-artistes.com\/?page_id=67\" \/>\n<meta property=\"og:locale\" content=\"fr_FR\" \/>\n<meta property=\"og:type\" content=\"article\" \/>\n<meta property=\"og:title\" content=\"Exposer avec le Club des Ateliers d&#039;Artistes - Le Club des Ateliers d&#039;artistes\" \/>\n<meta property=\"og:description\" content=\"Le Club des Ateliers d&rsquo;Artistes a \u00e9t\u00e9 cr\u00e9\u00e9 par Philippe Sauvan-Magnet,\u00a0en r\u00e9action \u00e0 la morosit\u00e9 du march\u00e9 de l&rsquo;art pour les artistes ind\u00e9pendants exclus du grand march\u00e9 de l&rsquo;Art Contemporain. Le comit\u00e9 de s\u00e9lection sera garant de la qualit\u00e9 des &hellip; Continuer la lecture &rarr;\" \/>\n<meta property=\"og:url\" content=\"https:\/\/www.club-ateliers-artistes.com\/?page_id=67\" \/>\n<meta property=\"og:site_name\" content=\"Le Club des Ateliers d&#039;artistes\" \/>\n<meta property=\"article:modified_time\" content=\"2017-07-02T15:27:01+00:00\" \/>\n<meta property=\"og:image\" content=\"https:\/\/www.club-ateliers-artistes.com\/wp-content\/uploads\/2015\/07\/CLUB-AA-150906-7566-300x203.jpg\" \/>\n<meta name=\"twitter:card\" content=\"summary_large_image\" \/>\n<meta name=\"twitter:label1\" content=\"Dur\u00e9e de lecture estim\u00e9e\" \/>\n\t<meta name=\"twitter:data1\" content=\"2 minutes\" \/>\n<script type=\"application\/ld+json\" class=\"yoast-schema-graph\">{\"@context\":\"https:\\\/\\\/schema.org\",\"@graph\":[{\"@type\":\"WebPage\",\"@id\":\"https:\\\/\\\/www.club-ateliers-artistes.com\\\/?page_id=67\",\"url\":\"https:\\\/\\\/www.club-ateliers-artistes.com\\\/?page_id=67\",\"name\":\"Exposer avec le Club des Ateliers d'Artistes - Le Club des Ateliers d&#039;artistes\",\"isPartOf\":{\"@id\":\"https:\\\/\\\/www.club-ateliers-artistes.com\\\/#website\"},\"primaryImageOfPage\":{\"@id\":\"https:\\\/\\\/www.club-ateliers-artistes.com\\\/?page_id=67#primaryimage\"},\"image\":{\"@id\":\"https:\\\/\\\/www.club-ateliers-artistes.com\\\/?page_id=67#primaryimage\"},\"thumbnailUrl\":\"https:\\\/\\\/www.club-ateliers-artistes.com\\\/wp-content\\\/uploads\\\/2015\\\/07\\\/CLUB-AA-150906-7566-300x203.jpg\",\"datePublished\":\"2015-07-25T07:15:23+00:00\",\"dateModified\":\"2017-07-02T15:27:01+00:00\",\"breadcrumb\":{\"@id\":\"https:\\\/\\\/www.club-ateliers-artistes.com\\\/?page_id=67#breadcrumb\"},\"inLanguage\":\"fr-FR\",\"potentialAction\":[{\"@type\":\"ReadAction\",\"target\":[\"https:\\\/\\\/www.club-ateliers-artistes.com\\\/?page_id=67\"]}]},{\"@type\":\"ImageObject\",\"inLanguage\":\"fr-FR\",\"@id\":\"https:\\\/\\\/www.club-ateliers-artistes.com\\\/?page_id=67#primaryimage\",\"url\":\"https:\\\/\\\/www.club-ateliers-artistes.com\\\/wp-content\\\/uploads\\\/2015\\\/07\\\/CLUB-AA-150906-7566.jpg\",\"contentUrl\":\"https:\\\/\\\/www.club-ateliers-artistes.com\\\/wp-content\\\/uploads\\\/2015\\\/07\\\/CLUB-AA-150906-7566.jpg\",\"width\":690,\"height\":466},{\"@type\":\"BreadcrumbList\",\"@id\":\"https:\\\/\\\/www.club-ateliers-artistes.com\\\/?page_id=67#breadcrumb\",\"itemListElement\":[{\"@type\":\"ListItem\",\"position\":1,\"name\":\"Accueil\",\"item\":\"https:\\\/\\\/www.club-ateliers-artistes.com\\\/\"},{\"@type\":\"ListItem\",\"position\":2,\"name\":\"Exposer avec le Club des Ateliers d&rsquo;Artistes\"}]},{\"@type\":\"WebSite\",\"@id\":\"https:\\\/\\\/www.club-ateliers-artistes.com\\\/#website\",\"url\":\"https:\\\/\\\/www.club-ateliers-artistes.com\\\/\",\"name\":\"Le Club des Ateliers d&#039;artistes\",\"description\":\"Les Expositions Abordables\",\"potentialAction\":[{\"@type\":\"SearchAction\",\"target\":{\"@type\":\"EntryPoint\",\"urlTemplate\":\"https:\\\/\\\/www.club-ateliers-artistes.com\\\/?s={search_term_string}\"},\"query-input\":{\"@type\":\"PropertyValueSpecification\",\"valueRequired\":true,\"valueName\":\"search_term_string\"}}],\"inLanguage\":\"fr-FR\"}]}<\/script>\n<!-- \/ Yoast SEO plugin. -->","yoast_head_json":{"title":"Exposer avec le Club des Ateliers d'Artistes - Le Club des Ateliers d&#039;artistes","robots":{"index":"index","follow":"follow","max-snippet":"max-snippet:-1","max-image-preview":"max-image-preview:large","max-video-preview":"max-video-preview:-1"},"canonical":"https:\/\/www.club-ateliers-artistes.com\/?page_id=67","og_locale":"fr_FR","og_type":"article","og_title":"Exposer avec le Club des Ateliers d'Artistes - Le Club des Ateliers d&#039;artistes","og_description":"Le Club des Ateliers d&rsquo;Artistes a \u00e9t\u00e9 cr\u00e9\u00e9 par Philippe Sauvan-Magnet,\u00a0en r\u00e9action \u00e0 la morosit\u00e9 du march\u00e9 de l&rsquo;art pour les artistes ind\u00e9pendants exclus du grand march\u00e9 de l&rsquo;Art Contemporain. Le comit\u00e9 de s\u00e9lection sera garant de la qualit\u00e9 des &hellip; Continuer la lecture &rarr;","og_url":"https:\/\/www.club-ateliers-artistes.com\/?page_id=67","og_site_name":"Le Club des Ateliers d&#039;artistes","article_modified_time":"2017-07-02T15:27:01+00:00","og_image":[{"url":"https:\/\/www.club-ateliers-artistes.com\/wp-content\/uploads\/2015\/07\/CLUB-AA-150906-7566-300x203.jpg","type":"","width":"","height":""}],"twitter_card":"summary_large_image","twitter_misc":{"Dur\u00e9e de lecture estim\u00e9e":"2 minutes"},"schema":{"@context":"https:\/\/schema.org","@graph":[{"@type":"WebPage","@id":"https:\/\/www.club-ateliers-artistes.com\/?page_id=67","url":"https:\/\/www.club-ateliers-artistes.com\/?page_id=67","name":"Exposer avec le Club des Ateliers d'Artistes - Le Club des Ateliers d&#039;artistes","isPartOf":{"@id":"https:\/\/www.club-ateliers-artistes.com\/#website"},"primaryImageOfPage":{"@id":"https:\/\/www.club-ateliers-artistes.com\/?page_id=67#primaryimage"},"image":{"@id":"https:\/\/www.club-ateliers-artistes.com\/?page_id=67#primaryimage"},"thumbnailUrl":"https:\/\/www.club-ateliers-artistes.com\/wp-content\/uploads\/2015\/07\/CLUB-AA-150906-7566-300x203.jpg","datePublished":"2015-07-25T07:15:23+00:00","dateModified":"2017-07-02T15:27:01+00:00","breadcrumb":{"@id":"https:\/\/www.club-ateliers-artistes.com\/?page_id=67#breadcrumb"},"inLanguage":"fr-FR","potentialAction":[{"@type":"ReadAction","target":["https:\/\/www.club-ateliers-artistes.com\/?page_id=67"]}]},{"@type":"ImageObject","inLanguage":"fr-FR","@id":"https:\/\/www.club-ateliers-artistes.com\/?page_id=67#primaryimage","url":"https:\/\/www.club-ateliers-artistes.com\/wp-content\/uploads\/2015\/07\/CLUB-AA-150906-7566.jpg","contentUrl":"https:\/\/www.club-ateliers-artistes.com\/wp-content\/uploads\/2015\/07\/CLUB-AA-150906-7566.jpg","width":690,"height":466},{"@type":"BreadcrumbList","@id":"https:\/\/www.club-ateliers-artistes.com\/?page_id=67#breadcrumb","itemListElement":[{"@type":"ListItem","position":1,"name":"Accueil","item":"https:\/\/www.club-ateliers-artistes.com\/"},{"@type":"ListItem","position":2,"name":"Exposer avec le Club des Ateliers d&rsquo;Artistes"}]},{"@type":"WebSite","@id":"https:\/\/www.club-ateliers-artistes.com\/#website","url":"https:\/\/www.club-ateliers-artistes.com\/","name":"Le Club des Ateliers d&#039;artistes","description":"Les Expositions Abordables","potentialAction":[{"@type":"SearchAction","target":{"@type":"EntryPoint","urlTemplate":"https:\/\/www.club-ateliers-artistes.com\/?s={search_term_string}"},"query-input":{"@type":"PropertyValueSpecification","valueRequired":true,"valueName":"search_term_string"}}],"inLanguage":"fr-FR"}]}},"_links":{"self":[{"href":"https:\/\/www.club-ateliers-artistes.com\/index.php?rest_route=\/wp\/v2\/pages\/67","targetHints":{"allow":["GET"]}}],"collection":[{"href":"https:\/\/www.club-ateliers-artistes.com\/index.php?rest_route=\/wp\/v2\/pages"}],"about":[{"href":"https:\/\/www.club-ateliers-artistes.com\/index.php?rest_route=\/wp\/v2\/types\/page"}],"author":[{"embeddable":true,"href":"https:\/\/www.club-ateliers-artistes.com\/index.php?rest_route=\/wp\/v2\/users\/5"}],"replies":[{"embeddable":true,"href":"https:\/\/www.club-ateliers-artistes.com\/index.php?rest_route=%2Fwp%2Fv2%2Fcomments&post=67"}],"version-history":[{"count":20,"href":"https:\/\/www.club-ateliers-artistes.com\/index.php?rest_route=\/wp\/v2\/pages\/67\/revisions"}],"predecessor-version":[{"id":1817,"href":"https:\/\/www.club-ateliers-artistes.com\/index.php?rest_route=\/wp\/v2\/pages\/67\/revisions\/1817"}],"wp:attachment":[{"href":"https:\/\/www.club-ateliers-artistes.com\/index.php?rest_route=%2Fwp%2Fv2%2Fmedia&parent=67"}],"curies":[{"name":"wp","href":"https:\/\/api.w.org\/{rel}","templated":true}]}}