{"id":234,"date":"2015-09-08T16:05:01","date_gmt":"2015-09-08T15:05:01","guid":{"rendered":"http:\/\/www.club-ateliers-artistes.com\/?page_id=234"},"modified":"2022-09-13T10:31:56","modified_gmt":"2022-09-13T09:31:56","slug":"un-stand-du-club-des-ateliers-dartistes-en-images","status":"publish","type":"page","link":"https:\/\/www.club-ateliers-artistes.com\/?page_id=234","title":{"rendered":"Un stand du Club des Ateliers d&rsquo;Artistes en images"},"content":{"rendered":"<p style=\"text-align: left;\">Voici quelques images pour mieux comprendre notre concept d&rsquo;exposition faisant appel \u00e0 un syst\u00e8me d&rsquo;accrochage innovant \u00ab\u00a0l&rsquo;Arbre \u00e0 Tableaux\u00a0\u00bb, imagin\u00e9 par Active-Art.<\/p>\n<p style=\"text-align: center;\"><img loading=\"lazy\" decoding=\"async\" class=\"size-full wp-image-224\" src=\"https:\/\/www.club-ateliers-artistes.com\/wp-content\/uploads\/2015\/07\/CLUB-AA-150906-7335.jpg\" alt=\"Stand du Club des Ateliers d'Artistes\" width=\"690\" height=\"467\" srcset=\"https:\/\/www.club-ateliers-artistes.com\/wp-content\/uploads\/2015\/07\/CLUB-AA-150906-7335.jpg 690w, https:\/\/www.club-ateliers-artistes.com\/wp-content\/uploads\/2015\/07\/CLUB-AA-150906-7335-300x203.jpg 300w\" sizes=\"auto, (max-width: 690px) 100vw, 690px\" \/>Le stand du Club des Ateliers d&rsquo;Artistes sur le Salon Art3F, Paris Sept 2015<\/p>\n<p style=\"text-align: center;\"><img loading=\"lazy\" decoding=\"async\" class=\"aligncenter size-full wp-image-231\" src=\"https:\/\/www.club-ateliers-artistes.com\/wp-content\/uploads\/2015\/07\/CLUB-AA-150906-7603.jpg\" alt=\"Accrochage des oeuvres\" width=\"690\" height=\"460\" srcset=\"https:\/\/www.club-ateliers-artistes.com\/wp-content\/uploads\/2015\/07\/CLUB-AA-150906-7603.jpg 690w, https:\/\/www.club-ateliers-artistes.com\/wp-content\/uploads\/2015\/07\/CLUB-AA-150906-7603-300x200.jpg 300w\" sizes=\"auto, (max-width: 690px) 100vw, 690px\" \/>Un syst\u00e8me d&rsquo;accrochage innovant et convivial<\/p>\n<p style=\"text-align: center;\"><img loading=\"lazy\" decoding=\"async\" class=\"aligncenter size-full wp-image-227\" src=\"https:\/\/www.club-ateliers-artistes.com\/wp-content\/uploads\/2015\/07\/CLUB-AA-150906-7538.jpg\" alt=\"Stand double\" width=\"690\" height=\"668\" srcset=\"https:\/\/www.club-ateliers-artistes.com\/wp-content\/uploads\/2015\/07\/CLUB-AA-150906-7538.jpg 690w, https:\/\/www.club-ateliers-artistes.com\/wp-content\/uploads\/2015\/07\/CLUB-AA-150906-7538-300x290.jpg 300w\" sizes=\"auto, (max-width: 690px) 100vw, 690px\" \/>Un stand double (peinture + sculpture) : 15 oeuvres sur 2 m\u00e8tres lin\u00e9aires<br \/>\n(stand de <a href=\"http:\/\/www.messagerphilippe.com\/\">Philippe Messager<\/a>)<\/p>\n<p style=\"text-align: center;\"><img loading=\"lazy\" decoding=\"async\" class=\"aligncenter size-full wp-image-226\" src=\"https:\/\/www.club-ateliers-artistes.com\/wp-content\/uploads\/2015\/07\/CLUB-AA-150906-7515.jpg\" alt=\"D\u00e9monstration\" width=\"690\" height=\"459\" srcset=\"https:\/\/www.club-ateliers-artistes.com\/wp-content\/uploads\/2015\/07\/CLUB-AA-150906-7515.jpg 690w, https:\/\/www.club-ateliers-artistes.com\/wp-content\/uploads\/2015\/07\/CLUB-AA-150906-7515-300x200.jpg 300w\" sizes=\"auto, (max-width: 690px) 100vw, 690px\" \/>Animation sur le stand r\u00e9alis\u00e9e par notre \u00e9quipe ou par les artistes, \u00e0 leur choix.<\/p>\n<p style=\"text-align: center;\"><img loading=\"lazy\" decoding=\"async\" class=\"aligncenter size-full wp-image-232\" src=\"https:\/\/www.club-ateliers-artistes.com\/wp-content\/uploads\/2015\/07\/CLUB-AA-150906-7614.jpg\" alt=\"Ecoute d'une &quot;Oeuvre qui parle&quot;\" width=\"690\" height=\"481\" srcset=\"https:\/\/www.club-ateliers-artistes.com\/wp-content\/uploads\/2015\/07\/CLUB-AA-150906-7614.jpg 690w, https:\/\/www.club-ateliers-artistes.com\/wp-content\/uploads\/2015\/07\/CLUB-AA-150906-7614-300x209.jpg 300w\" sizes=\"auto, (max-width: 690px) 100vw, 690px\" \/>Ecoute d&rsquo;une \u00ab\u00a0Oeuvre qui parle\u00a0\u00bb, Iphones et casques pr\u00eat\u00e9s par nos soins&#8230;<br \/>\n(stand de <a href=\"http:\/\/www.messagerphilippe.com\/\">Philippe Messager<\/a>)<\/p>\n<p style=\"text-align: center;\"><strong><span style=\"color: #ff0000;\"><a style=\"color: #ff0000;\" href=\"https:\/\/www.club-ateliers-artistes.com\/?page_id=335\">Voir la vid\u00e9o<\/a><\/span><\/strong><\/p>\n<h3 style=\"text-align: center;\"><strong>En savoir plus sur les expositions organis\u00e9es<br \/>\npar le Club des Ateliers d&rsquo;Artistes : <span style=\"color: #ff0000;\"><a style=\"color: #ff0000;\" href=\"https:\/\/www.club-ateliers-artistes.com\/?page_id=67\">Cliquer ici<\/a><\/span><\/strong><\/h3>\n","protected":false},"excerpt":{"rendered":"<p>Voici quelques images pour mieux comprendre notre concept d&rsquo;exposition faisant appel \u00e0 un syst\u00e8me d&rsquo;accrochage innovant \u00ab\u00a0l&rsquo;Arbre \u00e0 Tableaux\u00a0\u00bb, imagin\u00e9 par Active-Art. Le stand du Club des Ateliers d&rsquo;Artistes sur le Salon Art3F, Paris Sept 2015 Un syst\u00e8me d&rsquo;accrochage innovant &hellip; <a href=\"https:\/\/www.club-ateliers-artistes.com\/?page_id=234\">Continuer la lecture <span class=\"meta-nav\">&rarr;<\/span><\/a><\/p>\n","protected":false},"author":5,"featured_media":0,"parent":0,"menu_order":0,"comment_status":"open","ping_status":"open","template":"","meta":{"footnotes":""},"class_list":["post-234","page","type-page","status-publish","hentry"],"yoast_head":"<!-- This site is optimized with the Yoast SEO plugin v27.5 - https:\/\/yoast.com\/product\/yoast-seo-wordpress\/ -->\n<title>Un stand du Club des Ateliers d&#039;Artistes en images - Le Club des Ateliers d&#039;artistes<\/title>\n<meta name=\"robots\" content=\"index, follow, max-snippet:-1, max-image-preview:large, max-video-preview:-1\" \/>\n<link rel=\"canonical\" href=\"https:\/\/www.club-ateliers-artistes.com\/?page_id=234\" \/>\n<meta property=\"og:locale\" content=\"fr_FR\" \/>\n<meta property=\"og:type\" content=\"article\" \/>\n<meta property=\"og:title\" content=\"Un stand du Club des Ateliers d&#039;Artistes en images - Le Club des Ateliers d&#039;artistes\" \/>\n<meta property=\"og:description\" content=\"Voici quelques images pour mieux comprendre notre concept d&rsquo;exposition faisant appel \u00e0 un syst\u00e8me d&rsquo;accrochage innovant \u00ab\u00a0l&rsquo;Arbre \u00e0 Tableaux\u00a0\u00bb, imagin\u00e9 par Active-Art. Le stand du Club des Ateliers d&rsquo;Artistes sur le Salon Art3F, Paris Sept 2015 Un syst\u00e8me d&rsquo;accrochage innovant &hellip; Continuer la lecture &rarr;\" \/>\n<meta property=\"og:url\" content=\"https:\/\/www.club-ateliers-artistes.com\/?page_id=234\" \/>\n<meta property=\"og:site_name\" content=\"Le Club des Ateliers d&#039;artistes\" \/>\n<meta property=\"article:modified_time\" content=\"2022-09-13T09:31:56+00:00\" \/>\n<meta property=\"og:image\" content=\"https:\/\/www.club-ateliers-artistes.com\/wp-content\/uploads\/2015\/07\/CLUB-AA-150906-7335.jpg\" \/>\n<meta name=\"twitter:card\" content=\"summary_large_image\" \/>\n<meta name=\"twitter:label1\" content=\"Dur\u00e9e de lecture estim\u00e9e\" \/>\n\t<meta name=\"twitter:data1\" content=\"2 minutes\" \/>\n<script type=\"application\/ld+json\" class=\"yoast-schema-graph\">{\"@context\":\"https:\\\/\\\/schema.org\",\"@graph\":[{\"@type\":\"WebPage\",\"@id\":\"https:\\\/\\\/www.club-ateliers-artistes.com\\\/?page_id=234\",\"url\":\"https:\\\/\\\/www.club-ateliers-artistes.com\\\/?page_id=234\",\"name\":\"Un stand du Club des Ateliers d'Artistes en images - Le Club des Ateliers d&#039;artistes\",\"isPartOf\":{\"@id\":\"https:\\\/\\\/www.club-ateliers-artistes.com\\\/#website\"},\"primaryImageOfPage\":{\"@id\":\"https:\\\/\\\/www.club-ateliers-artistes.com\\\/?page_id=234#primaryimage\"},\"image\":{\"@id\":\"https:\\\/\\\/www.club-ateliers-artistes.com\\\/?page_id=234#primaryimage\"},\"thumbnailUrl\":\"https:\\\/\\\/www.club-ateliers-artistes.com\\\/wp-content\\\/uploads\\\/2015\\\/07\\\/CLUB-AA-150906-7335.jpg\",\"datePublished\":\"2015-09-08T15:05:01+00:00\",\"dateModified\":\"2022-09-13T09:31:56+00:00\",\"breadcrumb\":{\"@id\":\"https:\\\/\\\/www.club-ateliers-artistes.com\\\/?page_id=234#breadcrumb\"},\"inLanguage\":\"fr-FR\",\"potentialAction\":[{\"@type\":\"ReadAction\",\"target\":[\"https:\\\/\\\/www.club-ateliers-artistes.com\\\/?page_id=234\"]}]},{\"@type\":\"ImageObject\",\"inLanguage\":\"fr-FR\",\"@id\":\"https:\\\/\\\/www.club-ateliers-artistes.com\\\/?page_id=234#primaryimage\",\"url\":\"https:\\\/\\\/www.club-ateliers-artistes.com\\\/wp-content\\\/uploads\\\/2015\\\/07\\\/CLUB-AA-150906-7335.jpg\",\"contentUrl\":\"https:\\\/\\\/www.club-ateliers-artistes.com\\\/wp-content\\\/uploads\\\/2015\\\/07\\\/CLUB-AA-150906-7335.jpg\",\"width\":690,\"height\":467},{\"@type\":\"BreadcrumbList\",\"@id\":\"https:\\\/\\\/www.club-ateliers-artistes.com\\\/?page_id=234#breadcrumb\",\"itemListElement\":[{\"@type\":\"ListItem\",\"position\":1,\"name\":\"Accueil\",\"item\":\"https:\\\/\\\/www.club-ateliers-artistes.com\\\/\"},{\"@type\":\"ListItem\",\"position\":2,\"name\":\"Un stand du Club des Ateliers d&rsquo;Artistes en images\"}]},{\"@type\":\"WebSite\",\"@id\":\"https:\\\/\\\/www.club-ateliers-artistes.com\\\/#website\",\"url\":\"https:\\\/\\\/www.club-ateliers-artistes.com\\\/\",\"name\":\"Le Club des Ateliers d&#039;artistes\",\"description\":\"Les Expositions Abordables\",\"potentialAction\":[{\"@type\":\"SearchAction\",\"target\":{\"@type\":\"EntryPoint\",\"urlTemplate\":\"https:\\\/\\\/www.club-ateliers-artistes.com\\\/?s={search_term_string}\"},\"query-input\":{\"@type\":\"PropertyValueSpecification\",\"valueRequired\":true,\"valueName\":\"search_term_string\"}}],\"inLanguage\":\"fr-FR\"}]}<\/script>\n<!-- \/ Yoast SEO plugin. -->","yoast_head_json":{"title":"Un stand du Club des Ateliers d'Artistes en images - Le Club des Ateliers d&#039;artistes","robots":{"index":"index","follow":"follow","max-snippet":"max-snippet:-1","max-image-preview":"max-image-preview:large","max-video-preview":"max-video-preview:-1"},"canonical":"https:\/\/www.club-ateliers-artistes.com\/?page_id=234","og_locale":"fr_FR","og_type":"article","og_title":"Un stand du Club des Ateliers d'Artistes en images - Le Club des Ateliers d&#039;artistes","og_description":"Voici quelques images pour mieux comprendre notre concept d&rsquo;exposition faisant appel \u00e0 un syst\u00e8me d&rsquo;accrochage innovant \u00ab\u00a0l&rsquo;Arbre \u00e0 Tableaux\u00a0\u00bb, imagin\u00e9 par Active-Art. Le stand du Club des Ateliers d&rsquo;Artistes sur le Salon Art3F, Paris Sept 2015 Un syst\u00e8me d&rsquo;accrochage innovant &hellip; Continuer la lecture &rarr;","og_url":"https:\/\/www.club-ateliers-artistes.com\/?page_id=234","og_site_name":"Le Club des Ateliers d&#039;artistes","article_modified_time":"2022-09-13T09:31:56+00:00","og_image":[{"url":"https:\/\/www.club-ateliers-artistes.com\/wp-content\/uploads\/2015\/07\/CLUB-AA-150906-7335.jpg","type":"","width":"","height":""}],"twitter_card":"summary_large_image","twitter_misc":{"Dur\u00e9e de lecture estim\u00e9e":"2 minutes"},"schema":{"@context":"https:\/\/schema.org","@graph":[{"@type":"WebPage","@id":"https:\/\/www.club-ateliers-artistes.com\/?page_id=234","url":"https:\/\/www.club-ateliers-artistes.com\/?page_id=234","name":"Un stand du Club des Ateliers d'Artistes en images - Le Club des Ateliers d&#039;artistes","isPartOf":{"@id":"https:\/\/www.club-ateliers-artistes.com\/#website"},"primaryImageOfPage":{"@id":"https:\/\/www.club-ateliers-artistes.com\/?page_id=234#primaryimage"},"image":{"@id":"https:\/\/www.club-ateliers-artistes.com\/?page_id=234#primaryimage"},"thumbnailUrl":"https:\/\/www.club-ateliers-artistes.com\/wp-content\/uploads\/2015\/07\/CLUB-AA-150906-7335.jpg","datePublished":"2015-09-08T15:05:01+00:00","dateModified":"2022-09-13T09:31:56+00:00","breadcrumb":{"@id":"https:\/\/www.club-ateliers-artistes.com\/?page_id=234#breadcrumb"},"inLanguage":"fr-FR","potentialAction":[{"@type":"ReadAction","target":["https:\/\/www.club-ateliers-artistes.com\/?page_id=234"]}]},{"@type":"ImageObject","inLanguage":"fr-FR","@id":"https:\/\/www.club-ateliers-artistes.com\/?page_id=234#primaryimage","url":"https:\/\/www.club-ateliers-artistes.com\/wp-content\/uploads\/2015\/07\/CLUB-AA-150906-7335.jpg","contentUrl":"https:\/\/www.club-ateliers-artistes.com\/wp-content\/uploads\/2015\/07\/CLUB-AA-150906-7335.jpg","width":690,"height":467},{"@type":"BreadcrumbList","@id":"https:\/\/www.club-ateliers-artistes.com\/?page_id=234#breadcrumb","itemListElement":[{"@type":"ListItem","position":1,"name":"Accueil","item":"https:\/\/www.club-ateliers-artistes.com\/"},{"@type":"ListItem","position":2,"name":"Un stand du Club des Ateliers d&rsquo;Artistes en images"}]},{"@type":"WebSite","@id":"https:\/\/www.club-ateliers-artistes.com\/#website","url":"https:\/\/www.club-ateliers-artistes.com\/","name":"Le Club des Ateliers d&#039;artistes","description":"Les Expositions Abordables","potentialAction":[{"@type":"SearchAction","target":{"@type":"EntryPoint","urlTemplate":"https:\/\/www.club-ateliers-artistes.com\/?s={search_term_string}"},"query-input":{"@type":"PropertyValueSpecification","valueRequired":true,"valueName":"search_term_string"}}],"inLanguage":"fr-FR"}]}},"_links":{"self":[{"href":"https:\/\/www.club-ateliers-artistes.com\/index.php?rest_route=\/wp\/v2\/pages\/234","targetHints":{"allow":["GET"]}}],"collection":[{"href":"https:\/\/www.club-ateliers-artistes.com\/index.php?rest_route=\/wp\/v2\/pages"}],"about":[{"href":"https:\/\/www.club-ateliers-artistes.com\/index.php?rest_route=\/wp\/v2\/types\/page"}],"author":[{"embeddable":true,"href":"https:\/\/www.club-ateliers-artistes.com\/index.php?rest_route=\/wp\/v2\/users\/5"}],"replies":[{"embeddable":true,"href":"https:\/\/www.club-ateliers-artistes.com\/index.php?rest_route=%2Fwp%2Fv2%2Fcomments&post=234"}],"version-history":[{"count":8,"href":"https:\/\/www.club-ateliers-artistes.com\/index.php?rest_route=\/wp\/v2\/pages\/234\/revisions"}],"predecessor-version":[{"id":2564,"href":"https:\/\/www.club-ateliers-artistes.com\/index.php?rest_route=\/wp\/v2\/pages\/234\/revisions\/2564"}],"wp:attachment":[{"href":"https:\/\/www.club-ateliers-artistes.com\/index.php?rest_route=%2Fwp%2Fv2%2Fmedia&parent=234"}],"curies":[{"name":"wp","href":"https:\/\/api.w.org\/{rel}","templated":true}]}}